{"id":54,"date":"2026-06-05T09:07:12","date_gmt":"2026-06-05T09:07:12","guid":{"rendered":"https:\/\/lechampdesliens.org\/?page_id=54"},"modified":"2026-08-26T14:25:30","modified_gmt":"2026-08-26T14:25:30","slug":"le-jardin-foret","status":"publish","type":"page","link":"https:\/\/lechampdesliens.org\/index.php\/le-jardin-foret\/","title":{"rendered":"La for\u00eat-jardin"},"content":{"rendered":"<div class=\"wp-block-image\">\n<figure class=\"alignleft size-large is-resized\"><img loading=\"lazy\" decoding=\"async\" width=\"1024\" height=\"576\" src=\"https:\/\/lechampdesliens.org\/wp-content\/uploads\/2026\/06\/image-1-1024x576.png\" alt=\"\" class=\"wp-image-55\" style=\"aspect-ratio:1.777746506334368;width:311px;height:auto\" srcset=\"https:\/\/lechampdesliens.org\/wp-content\/uploads\/2026\/06\/image-1-1024x576.png 1024w, https:\/\/lechampdesliens.org\/wp-content\/uploads\/2026\/06\/image-1-300x169.png 300w, https:\/\/lechampdesliens.org\/wp-content\/uploads\/2026\/06\/image-1-768x432.png 768w, https:\/\/lechampdesliens.org\/wp-content\/uploads\/2026\/06\/image-1-480x270.png 480w, https:\/\/lechampdesliens.org\/wp-content\/uploads\/2026\/06\/image-1.png 1440w\" sizes=\"auto, (max-width: 1024px) 100vw, 1024px\" \/><\/figure>\n<\/div>\n\n\n<p class=\"wp-block-paragraph\"><em>Plusieurs parcelles (p\u00e2tures et bois) ont \u00e9t\u00e9 acquises pas les soci\u00e9raires du Champs des liens au lieu dit Lann Cosquer, dans le secteur du centre \u00e9questre \u00c9quicelte.<\/em> <em>Il s&rsquo;agit pour notre collectif de cr\u00e9er une premier lieu dans lequelle d\u00e9velopper des projets. Les id\u00e9es ne manquent pas : plantation d&rsquo;une for\u00eat-jardin, cr\u00e9ation d&rsquo;un poulailler mutualis\u00e9 et, quand le besoin s&rsquo;en fera sentir, construction d&rsquo;un hangar pour h\u00e9berger nos activit\u00e9s pr\u00e9sentes et futures (stockage d&rsquo;outils, local pour la transformation des produits&#8230;)<\/em>. <em>Les plans ne sont pas encore fix\u00e9s et les id\u00e9es et bras de chacun et chacunes seront les bienvenus pour faire avancer ce beau projet collectif.<\/em><\/p>\n\n\n\n<p class=\"wp-block-paragraph\">Le premier projet lanc\u00e9 sur une parcelle de 2500 m<sup>2<\/sup> est la cr\u00e9ation de la for\u00eat-jardin constitu\u00e9e d&rsquo;une centaine d&rsquo;arbres, surtout fruitiers, et plusieurs centaines de v\u00e9g\u00e9taux, tous s\u00e9lectionn\u00e9s pour leurs r\u00f4les nourricier et mellif\u00e8re. Fin 2024, un premier chantier a permis de cl\u00f4turer la parcelle. Il a aussi fallu abattre et d\u00e9biter quelques pins pour permettre l&rsquo;implantation correcte des futurs arbres fruitiers.<\/p>\n\n\n\n<figure class=\"wp-block-gallery has-nested-images columns-default is-cropped wp-block-gallery-1 is-layout-flex wp-block-gallery-is-layout-flex\">\n<figure class=\"wp-block-image size-large\"><img loading=\"lazy\" decoding=\"async\" width=\"1024\" height=\"768\" data-id=\"108\" src=\"https:\/\/lechampdesliens.org\/wp-content\/uploads\/2026\/08\/image-1-1024x768.png\" alt=\"\" class=\"wp-image-108\" srcset=\"https:\/\/lechampdesliens.org\/wp-content\/uploads\/2026\/08\/image-1-1024x768.png 1024w, https:\/\/lechampdesliens.org\/wp-content\/uploads\/2026\/08\/image-1-300x225.png 300w, https:\/\/lechampdesliens.org\/wp-content\/uploads\/2026\/08\/image-1-768x576.png 768w, https:\/\/lechampdesliens.org\/wp-content\/uploads\/2026\/08\/image-1-1536x1152.png 1536w, https:\/\/lechampdesliens.org\/wp-content\/uploads\/2026\/08\/image-1-2048x1536.png 2048w, https:\/\/lechampdesliens.org\/wp-content\/uploads\/2026\/08\/image-1-360x270.png 360w\" sizes=\"auto, (max-width: 1024px) 100vw, 1024px\" \/><\/figure>\n\n\n\n<figure class=\"wp-block-image size-large\"><img loading=\"lazy\" decoding=\"async\" width=\"1024\" height=\"768\" data-id=\"107\" src=\"https:\/\/lechampdesliens.org\/wp-content\/uploads\/2026\/08\/image-1024x768.png\" alt=\"\" class=\"wp-image-107\" srcset=\"https:\/\/lechampdesliens.org\/wp-content\/uploads\/2026\/08\/image-1024x768.png 1024w, https:\/\/lechampdesliens.org\/wp-content\/uploads\/2026\/08\/image-300x225.png 300w, https:\/\/lechampdesliens.org\/wp-content\/uploads\/2026\/08\/image-768x576.png 768w, https:\/\/lechampdesliens.org\/wp-content\/uploads\/2026\/08\/image-1536x1152.png 1536w, https:\/\/lechampdesliens.org\/wp-content\/uploads\/2026\/08\/image-2048x1536.png 2048w, https:\/\/lechampdesliens.org\/wp-content\/uploads\/2026\/08\/image-360x270.png 360w\" sizes=\"auto, (max-width: 1024px) 100vw, 1024px\" \/><\/figure>\n<\/figure>\n\n\n\n<p class=\"wp-block-paragraph\">Le lieu, calme et entour\u00e9 de for\u00eats, est d\u00e9j\u00e0 propice et agr\u00e9able : l&rsquo;AG de 2025 de la SCIC s&rsquo;y tiendra, sous une magnifique tente install\u00e9e pour l&rsquo;occasion.<\/p>\n\n\n<div class=\"wp-block-image\">\n<figure class=\"aligncenter size-large is-resized\"><img loading=\"lazy\" decoding=\"async\" width=\"1024\" height=\"768\" src=\"https:\/\/lechampdesliens.org\/wp-content\/uploads\/2026\/08\/image-2-1024x768.png\" alt=\"\" class=\"wp-image-110\" style=\"width:592px;height:auto\" srcset=\"https:\/\/lechampdesliens.org\/wp-content\/uploads\/2026\/08\/image-2-1024x768.png 1024w, https:\/\/lechampdesliens.org\/wp-content\/uploads\/2026\/08\/image-2-300x225.png 300w, https:\/\/lechampdesliens.org\/wp-content\/uploads\/2026\/08\/image-2-768x576.png 768w, https:\/\/lechampdesliens.org\/wp-content\/uploads\/2026\/08\/image-2-1536x1152.png 1536w, https:\/\/lechampdesliens.org\/wp-content\/uploads\/2026\/08\/image-2-2048x1536.png 2048w, https:\/\/lechampdesliens.org\/wp-content\/uploads\/2026\/08\/image-2-360x270.png 360w\" sizes=\"auto, (max-width: 1024px) 100vw, 1024px\" \/><\/figure>\n<\/div>\n\n\n<p class=\"wp-block-paragraph\">Fin 2025, c&rsquo;est le moment de pr\u00e9pararer la plantation. Il est propos\u00e9 aux adh\u00e9rents et\/ou sympathisants de \u00ab\u00a0parainer un arbre\u00a0\u00bb, ce qui permet de financer l&rsquo;achats de 50 plans. Plusieurs chantiers participatifs permenttent ensuite de faucher la prairie, mettre en place le 50 trous de plantation, puis de planter les arbres, quasiment tous sous forme de scions. Les esp\u00e8ces implant\u00e9es : 1 Abricotier et 3 P\u00eachers, 1 Amandier, 4 Cerisiers, 1 Cognassier, 3 Figuiers, 2 Kakis, 1 Mirabellier et 3 Pruniers, 2 Nashis, 6 Poiriers et 14 Pommiers.<\/p>\n\n\n\n<figure class=\"wp-block-gallery has-nested-images columns-default is-cropped wp-block-gallery-2 is-layout-flex wp-block-gallery-is-layout-flex\">\n<figure class=\"wp-block-image size-large\"><img loading=\"lazy\" decoding=\"async\" width=\"1024\" height=\"768\" data-id=\"114\" src=\"https:\/\/lechampdesliens.org\/wp-content\/uploads\/2026\/08\/image-6-1024x768.png\" alt=\"\" class=\"wp-image-114\" srcset=\"https:\/\/lechampdesliens.org\/wp-content\/uploads\/2026\/08\/image-6-1024x768.png 1024w, https:\/\/lechampdesliens.org\/wp-content\/uploads\/2026\/08\/image-6-300x225.png 300w, https:\/\/lechampdesliens.org\/wp-content\/uploads\/2026\/08\/image-6-768x576.png 768w, https:\/\/lechampdesliens.org\/wp-content\/uploads\/2026\/08\/image-6-360x270.png 360w, https:\/\/lechampdesliens.org\/wp-content\/uploads\/2026\/08\/image-6.png 1280w\" sizes=\"auto, (max-width: 1024px) 100vw, 1024px\" \/><\/figure>\n\n\n\n<figure class=\"wp-block-image size-large\"><img loading=\"lazy\" decoding=\"async\" width=\"864\" height=\"1024\" data-id=\"115\" src=\"https:\/\/lechampdesliens.org\/wp-content\/uploads\/2026\/08\/image-7-864x1024.png\" alt=\"\" class=\"wp-image-115\" srcset=\"https:\/\/lechampdesliens.org\/wp-content\/uploads\/2026\/08\/image-7-864x1024.png 864w, https:\/\/lechampdesliens.org\/wp-content\/uploads\/2026\/08\/image-7-253x300.png 253w, https:\/\/lechampdesliens.org\/wp-content\/uploads\/2026\/08\/image-7-768x910.png 768w, https:\/\/lechampdesliens.org\/wp-content\/uploads\/2026\/08\/image-7-228x270.png 228w, https:\/\/lechampdesliens.org\/wp-content\/uploads\/2026\/08\/image-7.png 953w\" sizes=\"auto, (max-width: 864px) 100vw, 864px\" \/><\/figure>\n<\/figure>\n\n\n<div class=\"wp-block-image\">\n<figure class=\"aligncenter size-large is-resized\"><img loading=\"lazy\" decoding=\"async\" width=\"1024\" height=\"768\" src=\"https:\/\/lechampdesliens.org\/wp-content\/uploads\/2026\/08\/image-3-1024x768.png\" alt=\"\" class=\"wp-image-111\" style=\"width:451px;height:auto\" srcset=\"https:\/\/lechampdesliens.org\/wp-content\/uploads\/2026\/08\/image-3-1024x768.png 1024w, https:\/\/lechampdesliens.org\/wp-content\/uploads\/2026\/08\/image-3-300x225.png 300w, https:\/\/lechampdesliens.org\/wp-content\/uploads\/2026\/08\/image-3-768x576.png 768w, https:\/\/lechampdesliens.org\/wp-content\/uploads\/2026\/08\/image-3-1536x1152.png 1536w, https:\/\/lechampdesliens.org\/wp-content\/uploads\/2026\/08\/image-3-2048x1536.png 2048w, https:\/\/lechampdesliens.org\/wp-content\/uploads\/2026\/08\/image-3-360x270.png 360w\" sizes=\"auto, (max-width: 1024px) 100vw, 1024px\" \/><\/figure>\n<\/div>\n\n\n<figure class=\"wp-block-image size-large\"><img loading=\"lazy\" decoding=\"async\" width=\"1024\" height=\"361\" src=\"https:\/\/lechampdesliens.org\/wp-content\/uploads\/2026\/08\/image-8-1024x361.png\" alt=\"\" class=\"wp-image-116\" srcset=\"https:\/\/lechampdesliens.org\/wp-content\/uploads\/2026\/08\/image-8-1024x361.png 1024w, https:\/\/lechampdesliens.org\/wp-content\/uploads\/2026\/08\/image-8-300x106.png 300w, https:\/\/lechampdesliens.org\/wp-content\/uploads\/2026\/08\/image-8-768x271.png 768w, https:\/\/lechampdesliens.org\/wp-content\/uploads\/2026\/08\/image-8-1536x542.png 1536w, https:\/\/lechampdesliens.org\/wp-content\/uploads\/2026\/08\/image-8-2048x722.png 2048w, https:\/\/lechampdesliens.org\/wp-content\/uploads\/2026\/08\/image-8-604x213.png 604w\" sizes=\"auto, (max-width: 1024px) 100vw, 1024px\" \/><\/figure>\n\n\n\n<figure class=\"wp-block-image size-large\"><img loading=\"lazy\" decoding=\"async\" width=\"1024\" height=\"576\" src=\"https:\/\/lechampdesliens.org\/wp-content\/uploads\/2026\/08\/image-4-1024x576.png\" alt=\"\" class=\"wp-image-112\" srcset=\"https:\/\/lechampdesliens.org\/wp-content\/uploads\/2026\/08\/image-4-1024x576.png 1024w, https:\/\/lechampdesliens.org\/wp-content\/uploads\/2026\/08\/image-4-300x169.png 300w, https:\/\/lechampdesliens.org\/wp-content\/uploads\/2026\/08\/image-4-768x432.png 768w, https:\/\/lechampdesliens.org\/wp-content\/uploads\/2026\/08\/image-4-1536x864.png 1536w, https:\/\/lechampdesliens.org\/wp-content\/uploads\/2026\/08\/image-4-480x270.png 480w, https:\/\/lechampdesliens.org\/wp-content\/uploads\/2026\/08\/image-4.png 1600w\" sizes=\"auto, (max-width: 1024px) 100vw, 1024px\" \/><\/figure>\n\n\n<div class=\"wp-block-image\">\n<figure class=\"aligncenter size-large\"><img loading=\"lazy\" decoding=\"async\" width=\"1024\" height=\"498\" src=\"https:\/\/lechampdesliens.org\/wp-content\/uploads\/2026\/06\/image-3-1024x498.png\" alt=\"\" class=\"wp-image-61\" srcset=\"https:\/\/lechampdesliens.org\/wp-content\/uploads\/2026\/06\/image-3-1024x498.png 1024w, https:\/\/lechampdesliens.org\/wp-content\/uploads\/2026\/06\/image-3-300x146.png 300w, https:\/\/lechampdesliens.org\/wp-content\/uploads\/2026\/06\/image-3-768x373.png 768w, https:\/\/lechampdesliens.org\/wp-content\/uploads\/2026\/06\/image-3-1536x747.png 1536w, https:\/\/lechampdesliens.org\/wp-content\/uploads\/2026\/06\/image-3-2048x996.png 2048w, https:\/\/lechampdesliens.org\/wp-content\/uploads\/2026\/06\/image-3-555x270.png 555w\" sizes=\"auto, (max-width: 1024px) 100vw, 1024px\" \/><figcaption class=\"wp-element-caption\">Le r\u00e9sultats de nos efforts, sous un beau soleil<\/figcaption><\/figure>\n<\/div>\n\n\n<p class=\"wp-block-paragraph\">L&rsquo;\u00e9t\u00e9 2026 et sa s\u00e9cheresse remarquable ont exig\u00e9 quelques arrosages, indispensables pour des arbres aussi jeune. Malgr\u00e8s nos efforts, 11 arbres n&rsquo;ont pas repris : mais la bonne nouvelle est que les 30 autres sont en pleine forme !<\/p>\n\n\n<div class=\"wp-block-image\">\n<figure class=\"aligncenter size-large is-resized\"><img loading=\"lazy\" decoding=\"async\" width=\"1024\" height=\"992\" src=\"https:\/\/lechampdesliens.org\/wp-content\/uploads\/2026\/08\/image-9-1024x992.png\" alt=\"\" class=\"wp-image-117\" style=\"width:597px;height:auto\" srcset=\"https:\/\/lechampdesliens.org\/wp-content\/uploads\/2026\/08\/image-9-1024x992.png 1024w, https:\/\/lechampdesliens.org\/wp-content\/uploads\/2026\/08\/image-9-300x291.png 300w, https:\/\/lechampdesliens.org\/wp-content\/uploads\/2026\/08\/image-9-768x744.png 768w, https:\/\/lechampdesliens.org\/wp-content\/uploads\/2026\/08\/image-9-1536x1488.png 1536w, https:\/\/lechampdesliens.org\/wp-content\/uploads\/2026\/08\/image-9-279x270.png 279w, https:\/\/lechampdesliens.org\/wp-content\/uploads\/2026\/08\/image-9.png 1842w\" sizes=\"auto, (max-width: 1024px) 100vw, 1024px\" \/><figcaption class=\"wp-element-caption\">Suivi des arbres plant\u00e9s (vert : en pleine forme &#8211; rouge : n&rsquo;ont pas repris)<\/figcaption><\/figure>\n<\/div>\n\n<div class=\"wp-block-image\">\n<figure class=\"aligncenter size-large\"><img loading=\"lazy\" decoding=\"async\" width=\"1024\" height=\"498\" src=\"https:\/\/lechampdesliens.org\/wp-content\/uploads\/2026\/08\/image-5-1024x498.png\" alt=\"\" class=\"wp-image-113\" srcset=\"https:\/\/lechampdesliens.org\/wp-content\/uploads\/2026\/08\/image-5-1024x498.png 1024w, https:\/\/lechampdesliens.org\/wp-content\/uploads\/2026\/08\/image-5-300x146.png 300w, https:\/\/lechampdesliens.org\/wp-content\/uploads\/2026\/08\/image-5-768x373.png 768w, https:\/\/lechampdesliens.org\/wp-content\/uploads\/2026\/08\/image-5-1536x747.png 1536w, https:\/\/lechampdesliens.org\/wp-content\/uploads\/2026\/08\/image-5-2048x996.png 2048w, https:\/\/lechampdesliens.org\/wp-content\/uploads\/2026\/08\/image-5-555x270.png 555w\" sizes=\"auto, (max-width: 1024px) 100vw, 1024px\" \/><figcaption class=\"wp-element-caption\">1er am\u00e9nagement : une table en bois de palette !<\/figcaption><\/figure>\n<\/div>\n\n\n<figure class=\"wp-block-image size-large\"><img loading=\"lazy\" decoding=\"async\" width=\"1024\" height=\"576\" src=\"https:\/\/lechampdesliens.org\/wp-content\/uploads\/2026\/06\/image-4-1024x576.png\" alt=\"\" class=\"wp-image-62\" srcset=\"https:\/\/lechampdesliens.org\/wp-content\/uploads\/2026\/06\/image-4-1024x576.png 1024w, https:\/\/lechampdesliens.org\/wp-content\/uploads\/2026\/06\/image-4-300x169.png 300w, https:\/\/lechampdesliens.org\/wp-content\/uploads\/2026\/06\/image-4-768x432.png 768w, https:\/\/lechampdesliens.org\/wp-content\/uploads\/2026\/06\/image-4-1536x864.png 1536w, https:\/\/lechampdesliens.org\/wp-content\/uploads\/2026\/06\/image-4-480x270.png 480w, https:\/\/lechampdesliens.org\/wp-content\/uploads\/2026\/06\/image-4.png 1600w\" sizes=\"auto, (max-width: 1024px) 100vw, 1024px\" \/><\/figure>\n\n\n\n<p class=\"wp-block-paragraph\">Il reste encore beaucoup \u00e0 faire : fixer le plan des cheminements, compl\u00e9ter la plantation des arbres des haute tige et planter les arbustes et petits fruits, installer des structures permettant de palisser des vignes, kiwis et plantes grimpantes&#8230; <\/p>\n\n\n<div class=\"wp-block-image\">\n<figure class=\"aligncenter size-large\"><img loading=\"lazy\" decoding=\"async\" width=\"1024\" height=\"919\" src=\"https:\/\/lechampdesliens.org\/wp-content\/uploads\/2026\/08\/image-11-1024x919.png\" alt=\"\" class=\"wp-image-119\" srcset=\"https:\/\/lechampdesliens.org\/wp-content\/uploads\/2026\/08\/image-11-1024x919.png 1024w, https:\/\/lechampdesliens.org\/wp-content\/uploads\/2026\/08\/image-11-300x269.png 300w, https:\/\/lechampdesliens.org\/wp-content\/uploads\/2026\/08\/image-11-768x689.png 768w, https:\/\/lechampdesliens.org\/wp-content\/uploads\/2026\/08\/image-11-1536x1378.png 1536w, https:\/\/lechampdesliens.org\/wp-content\/uploads\/2026\/08\/image-11-301x270.png 301w, https:\/\/lechampdesliens.org\/wp-content\/uploads\/2026\/08\/image-11.png 1886w\" sizes=\"auto, (max-width: 1024px) 100vw, 1024px\" \/><figcaption class=\"wp-element-caption\">Une implantation possible<\/figcaption><\/figure>\n<\/div>","protected":false},"excerpt":{"rendered":"<p>Plusieurs parcelles (p\u00e2tures et bois) ont \u00e9t\u00e9 acquises pas les soci\u00e9raires du Champs des liens au lieu dit Lann Cosquer, dans le secteur du centre \u00e9questre \u00c9quicelte. Il s&rsquo;agit pour notre collectif de cr\u00e9er une premier lieu dans lequelle d\u00e9velopper des projets. Les id\u00e9es ne manquent pas : plantation d&rsquo;une for\u00eat-jardin, cr\u00e9ation d&rsquo;un poulailler mutualis\u00e9 et, quand le besoin s&rsquo;en fera sentir, construction d&rsquo;un hangar pour h\u00e9berger nos activit\u00e9s pr\u00e9sentes et futures (stockage d&rsquo;outils, local pour la transformation des produits&#8230;)&#8230;.<\/p>\n<p class=\"read-more\"><a class=\"btn btn-default\" href=\"https:\/\/lechampdesliens.org\/index.php\/le-jardin-foret\/\">Lire la suite<span class=\"screen-reader-text\"> Lire la suite<\/span><\/a><\/p>\n","protected":false},"author":2,"featured_media":112,"parent":0,"menu_order":0,"comment_status":"closed","ping_status":"closed","template":"","meta":{"footnotes":""},"class_list":["post-54","page","type-page","status-publish","has-post-thumbnail","hentry"],"_links":{"self":[{"href":"https:\/\/lechampdesliens.org\/index.php\/wp-json\/wp\/v2\/pages\/54","targetHints":{"allow":["GET"]}}],"collection":[{"href":"https:\/\/lechampdesliens.org\/index.php\/wp-json\/wp\/v2\/pages"}],"about":[{"href":"https:\/\/lechampdesliens.org\/index.php\/wp-json\/wp\/v2\/types\/page"}],"author":[{"embeddable":true,"href":"https:\/\/lechampdesliens.org\/index.php\/wp-json\/wp\/v2\/users\/2"}],"replies":[{"embeddable":true,"href":"https:\/\/lechampdesliens.org\/index.php\/wp-json\/wp\/v2\/comments?post=54"}],"version-history":[{"count":6,"href":"https:\/\/lechampdesliens.org\/index.php\/wp-json\/wp\/v2\/pages\/54\/revisions"}],"predecessor-version":[{"id":121,"href":"https:\/\/lechampdesliens.org\/index.php\/wp-json\/wp\/v2\/pages\/54\/revisions\/121"}],"wp:featuredmedia":[{"embeddable":true,"href":"https:\/\/lechampdesliens.org\/index.php\/wp-json\/wp\/v2\/media\/112"}],"wp:attachment":[{"href":"https:\/\/lechampdesliens.org\/index.php\/wp-json\/wp\/v2\/media?parent=54"}],"curies":[{"name":"wp","href":"https:\/\/api.w.org\/{rel}","templated":true}]}}